{"id":2571,"date":"2022-05-26T11:59:20","date_gmt":"2022-05-26T10:59:20","guid":{"rendered":"http:\/\/hotelangerer.pfacode.co.in\/?page_id=2571"},"modified":"2023-06-19T15:26:26","modified_gmt":"2023-06-19T14:26:26","slug":"umgebung","status":"publish","type":"page","link":"https:\/\/boutiquehotel-angerer.de\/en\/umgebung\/","title":{"rendered":"Umgebung"},"content":{"rendered":"<div class=\"vc_row wpb_row top-row vc_custom_1653544568567 vc_row-has-fill porto-inner-container\"><div class=\"porto-wrap-container container\"><div class=\"row align-items-center\"><div class=\"vc_column_container col-md-12 offset-lg-1 col-lg-10\"><div class=\"wpb_wrapper vc_column-inner\"><div class=\"vc_row wpb_row vc_inner row vc_row-o-content-middle vc_row-flex\"><div class=\"vc_column_container col-md-6\"><div class=\"wpb_wrapper vc_column-inner\">\n\t<div class=\"wpb_text_column wpb_content_element\" >\n\t\t<div class=\"wpb_wrapper\">\n\t\t\t<h1>Aktivit\u00e4ten\/Umgebung<\/h1>\n\n\t\t<\/div>\n\t<\/div>\n\n\t<div class=\"wpb_text_column wpb_content_element\" >\n\t\t<div class=\"wpb_wrapper\">\n\t\t\t<p>Murnau als perfekter Ausgangspunkt. Wir liegen 60 Kilometer s\u00fcdlich der Landeshauptstadt M\u00fcnchen. Murnau a. Staffelsee ist Zentrum des Blauen Landes.<\/p>\n<p>Ob K\u00f6nigsschl\u00f6sser wie das Schloss Linderhof (ca. 30 km) oder Neuschwanstein in F\u00fcssen (ca. 50 km), die Partnachklamm in Garmisch-Partenkirchen (ca. 25 km) oder Zugspitze samt Eibsee &#8211; all diese Sehensw\u00fcrdigkeiten sind in k\u00fcrzester Zeit erreichbar. Auch der Passionsspielort Oberammergau oder der Geigenbauort Mittenwald sind vom Blauen Land aus einem Ausflug wert. Die weltber\u00fchmte Wieskirche (30 km) erreicht Ihr in einer halben Autostunde. Spannend sind auch die Museen au\u00dferhalb des Blauen Landes, wie das Campendonk-Museum in Penzberg (20 km), das Franz-Marc-Museum in Kochel am See (18 km) oder das Buchheim Museum der Fantasie (35 km).<\/p>\n<p>Es werden viele Freizeit M\u00f6glichkeiten f\u00fcr Gro\u00df und Klein geboten.<br \/>\nIn der Umgebung finden die Urlaubsg\u00e4ste mehrere Radwege, die von unserem Haus sehr schnell zu erreichen sind. So kann man die herrliche Landschaft bei einer gem\u00fctlichen oder sportlichen Radtour erkunden. Auch f\u00fcr Wanderfreunde bieten die sanften H\u00fcgel und Berge des Blaues Land zahlreiche Wanderrouten verschiedener Schwierigkeitsgrade und f\u00fcr jeden Geschmack.<\/p>\n<p>Sie finden die beiden Badeseen, &#8222;Froschauser See&#8220; und &#8222;Riegsee&#8220; in unmittelbarer N\u00e4he zum Boutique Hotel Angerer Murnau<\/p>\n\n\t\t<\/div>\n\t<\/div>\n<\/div><\/div><div class=\"vc_column_container col-md-6\"><div class=\"wpb_wrapper vc_column-inner\"><div class=\"porto-gallery has-ccols ccols-1 wpb_custom_990125ee54cc6ce8d5f272820494c17d porto-carousel owl-carousel show-nav-hover align-items-start lightbox porto-ig-boxshadow\" data-plugin-options=\"{&quot;autoplay&quot;:true,&quot;autoplayTimeout&quot;:2000,&quot;autoplayHoverPause&quot;:true,&quot;items&quot;:1,&quot;lg&quot;:1,&quot;md&quot;:1,&quot;sm&quot;:1,&quot;xs&quot;:1,&quot;nav&quot;:true,&quot;dots&quot;:false}\" data-lightbox-options=\"{&quot;delegate&quot;:&quot;a&quot;,&quot;mainClass&quot;:&quot;mfp-with-zoom&quot;,&quot;zoom&quot;:{&quot;enabled&quot;:true,&quot;duration&quot;:300},&quot;gallery&quot;:{&quot;enabled&quot;:true},&quot;type&quot;:&quot;image&quot;}\"><a href=\"https:\/\/boutiquehotel-angerer.de\/wp-content\/uploads\/2023\/06\/IMG-20210726-WA0021.jpg\"><figure><img loading=\"lazy\" decoding=\"async\" width=\"768\" height=\"512\" src=\"https:\/\/boutiquehotel-angerer.de\/wp-content\/uploads\/2023\/06\/IMG-20210726-WA0021-768x512.jpg\" class=\"attachment-medium_large size-medium_large\" alt=\"\" srcset=\"https:\/\/boutiquehotel-angerer.de\/wp-content\/uploads\/2023\/06\/IMG-20210726-WA0021-768x512.jpg 768w, https:\/\/boutiquehotel-angerer.de\/wp-content\/uploads\/2023\/06\/IMG-20210726-WA0021-640x427.jpg 640w, https:\/\/boutiquehotel-angerer.de\/wp-content\/uploads\/2023\/06\/IMG-20210726-WA0021-400x267.jpg 400w, https:\/\/boutiquehotel-angerer.de\/wp-content\/uploads\/2023\/06\/IMG-20210726-WA0021-367x245.jpg 367w\" sizes=\"auto, (max-width: 768px) 100vw, 768px\" \/><\/figure><\/a><a href=\"https:\/\/boutiquehotel-angerer.de\/wp-content\/uploads\/2023\/06\/IMG-20210803-WA0006.jpg\"><figure><img loading=\"lazy\" decoding=\"async\" width=\"768\" height=\"512\" src=\"https:\/\/boutiquehotel-angerer.de\/wp-content\/uploads\/2023\/06\/IMG-20210803-WA0006-768x512.jpg\" class=\"attachment-medium_large size-medium_large\" alt=\"\" srcset=\"https:\/\/boutiquehotel-angerer.de\/wp-content\/uploads\/2023\/06\/IMG-20210803-WA0006-768x512.jpg 768w, https:\/\/boutiquehotel-angerer.de\/wp-content\/uploads\/2023\/06\/IMG-20210803-WA0006-640x427.jpg 640w, https:\/\/boutiquehotel-angerer.de\/wp-content\/uploads\/2023\/06\/IMG-20210803-WA0006-400x267.jpg 400w, https:\/\/boutiquehotel-angerer.de\/wp-content\/uploads\/2023\/06\/IMG-20210803-WA0006-367x245.jpg 367w\" sizes=\"auto, (max-width: 768px) 100vw, 768px\" \/><\/figure><\/a><a href=\"https:\/\/boutiquehotel-angerer.de\/wp-content\/uploads\/2023\/06\/IMG-20210722-WA0036.jpg\"><figure><img loading=\"lazy\" decoding=\"async\" width=\"768\" height=\"512\" src=\"https:\/\/boutiquehotel-angerer.de\/wp-content\/uploads\/2023\/06\/IMG-20210722-WA0036-768x512.jpg\" class=\"attachment-medium_large size-medium_large\" alt=\"\" srcset=\"https:\/\/boutiquehotel-angerer.de\/wp-content\/uploads\/2023\/06\/IMG-20210722-WA0036-768x512.jpg 768w, https:\/\/boutiquehotel-angerer.de\/wp-content\/uploads\/2023\/06\/IMG-20210722-WA0036-640x427.jpg 640w, https:\/\/boutiquehotel-angerer.de\/wp-content\/uploads\/2023\/06\/IMG-20210722-WA0036-400x267.jpg 400w, https:\/\/boutiquehotel-angerer.de\/wp-content\/uploads\/2023\/06\/IMG-20210722-WA0036-367x245.jpg 367w\" sizes=\"auto, (max-width: 768px) 100vw, 768px\" \/><\/figure><\/a><a href=\"https:\/\/boutiquehotel-angerer.de\/wp-content\/uploads\/2023\/06\/IMG-20210722-WA0040.jpg\"><figure><img loading=\"lazy\" decoding=\"async\" width=\"768\" height=\"512\" src=\"https:\/\/boutiquehotel-angerer.de\/wp-content\/uploads\/2023\/06\/IMG-20210722-WA0040-768x512.jpg\" class=\"attachment-medium_large size-medium_large\" alt=\"\" srcset=\"https:\/\/boutiquehotel-angerer.de\/wp-content\/uploads\/2023\/06\/IMG-20210722-WA0040-768x512.jpg 768w, https:\/\/boutiquehotel-angerer.de\/wp-content\/uploads\/2023\/06\/IMG-20210722-WA0040-640x427.jpg 640w, https:\/\/boutiquehotel-angerer.de\/wp-content\/uploads\/2023\/06\/IMG-20210722-WA0040-400x267.jpg 400w, https:\/\/boutiquehotel-angerer.de\/wp-content\/uploads\/2023\/06\/IMG-20210722-WA0040-367x245.jpg 367w\" sizes=\"auto, (max-width: 768px) 100vw, 768px\" \/><\/figure><\/a><\/div><\/div><\/div><\/div><\/div><\/div><\/div><\/div><\/div><div class=\"vc_row wpb_row top-row vc_custom_1679663139740 porto-inner-container\"><div class=\"porto-wrap-container container\"><div class=\"row align-items-center\"><div class=\"vc_column_container col-md-12 offset-lg-1 col-lg-10\"><div class=\"wpb_wrapper vc_column-inner\"><div class=\"vc_row wpb_row vc_inner row vc_row-o-content-middle vc_row-flex\"><div class=\"vc_column_container col-md-12\"><div class=\"wpb_wrapper vc_column-inner\">\n\t<div class=\"wpb_text_column wpb_content_element\" >\n\t\t<div class=\"wpb_wrapper\">\n\t\t\t<h1>Blick<\/h1>\n\n\t\t<\/div>\n\t<\/div>\n<\/div><\/div><\/div><style scope=\"scope\">.wpb_custom_9e39ed4c0da904bbec846477fdd33902 .grid-col-1-2{ flex: 0 0 auto; width: 50%; }.wpb_custom_9e39ed4c0da904bbec846477fdd33902 .grid-col-1-4{ flex: 0 0 auto; width: 25%; }.wpb_custom_9e39ed4c0da904bbec846477fdd33902 .grid-col-sizer { flex: 0 0 auto; width: 25% }.wpb_custom_9e39ed4c0da904bbec846477fdd33902 .grid-height-1{ height: 600px }.wpb_custom_9e39ed4c0da904bbec846477fdd33902 .grid-height-1-2{ height: 300px }@media (max-width: 767px) {.wpb_custom_9e39ed4c0da904bbec846477fdd33902 .grid-col-md-1-2{ flex: 0 0 auto; width: 50%; }.wpb_custom_9e39ed4c0da904bbec846477fdd33902 .grid-col-md-1-2{ flex: 0 0 auto; width: 50%; }.wpb_custom_9e39ed4c0da904bbec846477fdd33902 .grid-col-sizer { flex: 0 0 50%; width: 50% }.wpb_custom_9e39ed4c0da904bbec846477fdd33902 .grid-height-1{ height: 400px; }.wpb_custom_9e39ed4c0da904bbec846477fdd33902 .grid-height-1-2{ height: 200px; }}@media (max-width: 480px) {.wpb_custom_9e39ed4c0da904bbec846477fdd33902 a { flex: 0 0 auto; width: 100%; }}<\/style><div class=\"porto-gallery has-ccols ccols-1 has-ccols-spacing ccols-sm-2 ccols-md-3 ccols-lg-4 wpb_custom_9e39ed4c0da904bbec846477fdd33902 porto-preset-layout lightbox porto-ig-boxshadow\" data-plugin-masonry data-plugin-options=\"{&quot;layoutMode&quot;:&quot;masonry&quot;,&quot;itemSelector&quot;:&quot;a&quot;,&quot;masonry&quot;:{&quot;columnWidth&quot;:&quot;.grid-col-sizer&quot;},&quot;animationEngine&quot;:&quot;best-available&quot;,&quot;resizable&quot;:false}\" data-lightbox-options=\"{&quot;delegate&quot;:&quot;a&quot;,&quot;mainClass&quot;:&quot;mfp-with-zoom&quot;,&quot;zoom&quot;:{&quot;enabled&quot;:true,&quot;duration&quot;:300},&quot;gallery&quot;:{&quot;enabled&quot;:true},&quot;type&quot;:&quot;image&quot;}\"><a class=\"grid-col-1-2 grid-col-md-1-2 grid-height-1\" href=\"https:\/\/boutiquehotel-angerer.de\/wp-content\/uploads\/2023\/03\/Bergblick_Morgens_Balkon_Zimmer_26.jpg\"><figure><img loading=\"lazy\" decoding=\"async\" width=\"1024\" height=\"576\" src=\"https:\/\/boutiquehotel-angerer.de\/wp-content\/uploads\/2023\/03\/Bergblick_Morgens_Balkon_Zimmer_26-1024x576.jpg\" class=\"attachment-large size-large\" alt=\"\" srcset=\"https:\/\/boutiquehotel-angerer.de\/wp-content\/uploads\/2023\/03\/Bergblick_Morgens_Balkon_Zimmer_26-1024x576.jpg 1024w, https:\/\/boutiquehotel-angerer.de\/wp-content\/uploads\/2023\/03\/Bergblick_Morgens_Balkon_Zimmer_26-768x432.jpg 768w, https:\/\/boutiquehotel-angerer.de\/wp-content\/uploads\/2023\/03\/Bergblick_Morgens_Balkon_Zimmer_26-640x360.jpg 640w, https:\/\/boutiquehotel-angerer.de\/wp-content\/uploads\/2023\/03\/Bergblick_Morgens_Balkon_Zimmer_26-400x225.jpg 400w, https:\/\/boutiquehotel-angerer.de\/wp-content\/uploads\/2023\/03\/Bergblick_Morgens_Balkon_Zimmer_26-367x206.jpg 367w\" sizes=\"auto, (max-width: 1024px) 100vw, 1024px\" \/><\/figure><\/a><a class=\"grid-col-1-2 grid-col-md-1-2 grid-height-1-2\" href=\"https:\/\/boutiquehotel-angerer.de\/wp-content\/uploads\/2023\/03\/Hollentalklamm_4.jpg\"><figure><img loading=\"lazy\" decoding=\"async\" width=\"768\" height=\"1024\" src=\"https:\/\/boutiquehotel-angerer.de\/wp-content\/uploads\/2023\/03\/Hollentalklamm_4-768x1024.jpg\" class=\"attachment-large size-large\" alt=\"\" srcset=\"https:\/\/boutiquehotel-angerer.de\/wp-content\/uploads\/2023\/03\/Hollentalklamm_4-768x1024.jpg 768w, https:\/\/boutiquehotel-angerer.de\/wp-content\/uploads\/2023\/03\/Hollentalklamm_4-640x853.jpg 640w, https:\/\/boutiquehotel-angerer.de\/wp-content\/uploads\/2023\/03\/Hollentalklamm_4-400x533.jpg 400w, https:\/\/boutiquehotel-angerer.de\/wp-content\/uploads\/2023\/03\/Hollentalklamm_4-367x489.jpg 367w\" sizes=\"auto, (max-width: 768px) 100vw, 768px\" \/><\/figure><\/a><a class=\"grid-col-1-4 grid-col-md-1-2 grid-height-1-2\" href=\"https:\/\/boutiquehotel-angerer.de\/wp-content\/uploads\/2023\/03\/Hollentalklamm_5.jpg\"><figure><img loading=\"lazy\" decoding=\"async\" width=\"463\" height=\"348\" src=\"https:\/\/boutiquehotel-angerer.de\/wp-content\/uploads\/2023\/03\/Hollentalklamm_5-463x348.jpg\" class=\"attachment-blog-medium size-blog-medium\" alt=\"\" srcset=\"https:\/\/boutiquehotel-angerer.de\/wp-content\/uploads\/2023\/03\/Hollentalklamm_5-463x348.jpg 463w, https:\/\/boutiquehotel-angerer.de\/wp-content\/uploads\/2023\/03\/Hollentalklamm_5-400x300.jpg 400w\" sizes=\"auto, (max-width: 463px) 100vw, 463px\" \/><\/figure><\/a><a class=\"grid-col-1-4 grid-col-md-1-2 grid-height-1-2\" href=\"https:\/\/boutiquehotel-angerer.de\/wp-content\/uploads\/2023\/03\/Katze.jpg\"><figure><img loading=\"lazy\" decoding=\"async\" width=\"463\" height=\"348\" src=\"https:\/\/boutiquehotel-angerer.de\/wp-content\/uploads\/2023\/03\/Katze-463x348.jpg\" class=\"attachment-blog-medium size-blog-medium\" alt=\"\" srcset=\"https:\/\/boutiquehotel-angerer.de\/wp-content\/uploads\/2023\/03\/Katze-463x348.jpg 463w, https:\/\/boutiquehotel-angerer.de\/wp-content\/uploads\/2023\/03\/Katze-400x300.jpg 400w, https:\/\/boutiquehotel-angerer.de\/wp-content\/uploads\/2023\/03\/Katze-367x275.jpg 367w\" sizes=\"auto, (max-width: 463px) 100vw, 463px\" \/><\/figure><\/a><a class=\"grid-col-1-4 grid-col-md-1-2 grid-height-1-2\" href=\"https:\/\/boutiquehotel-angerer.de\/wp-content\/uploads\/2023\/03\/Kochl_am_See.jpg\"><figure><img loading=\"lazy\" decoding=\"async\" width=\"463\" height=\"348\" src=\"https:\/\/boutiquehotel-angerer.de\/wp-content\/uploads\/2023\/03\/Kochl_am_See-463x348.jpg\" class=\"attachment-blog-medium size-blog-medium\" alt=\"\" srcset=\"https:\/\/boutiquehotel-angerer.de\/wp-content\/uploads\/2023\/03\/Kochl_am_See-463x348.jpg 463w, https:\/\/boutiquehotel-angerer.de\/wp-content\/uploads\/2023\/03\/Kochl_am_See-400x300.jpg 400w, https:\/\/boutiquehotel-angerer.de\/wp-content\/uploads\/2023\/03\/Kochl_am_See-367x275.jpg 367w\" sizes=\"auto, (max-width: 463px) 100vw, 463px\" \/><\/figure><\/a><a class=\"grid-col-1-2 grid-col-md-1-2 grid-height-1-2\" href=\"https:\/\/boutiquehotel-angerer.de\/wp-content\/uploads\/2023\/03\/Murnau_Bergblick.jpg\"><figure><img loading=\"lazy\" decoding=\"async\" width=\"1024\" height=\"768\" src=\"https:\/\/boutiquehotel-angerer.de\/wp-content\/uploads\/2023\/03\/Murnau_Bergblick-1024x768.jpg\" class=\"attachment-large size-large\" alt=\"\" srcset=\"https:\/\/boutiquehotel-angerer.de\/wp-content\/uploads\/2023\/03\/Murnau_Bergblick-1024x768.jpg 1024w, https:\/\/boutiquehotel-angerer.de\/wp-content\/uploads\/2023\/03\/Murnau_Bergblick-768x576.jpg 768w, https:\/\/boutiquehotel-angerer.de\/wp-content\/uploads\/2023\/03\/Murnau_Bergblick-463x348.jpg 463w, https:\/\/boutiquehotel-angerer.de\/wp-content\/uploads\/2023\/03\/Murnau_Bergblick-640x480.jpg 640w, https:\/\/boutiquehotel-angerer.de\/wp-content\/uploads\/2023\/03\/Murnau_Bergblick-400x300.jpg 400w, https:\/\/boutiquehotel-angerer.de\/wp-content\/uploads\/2023\/03\/Murnau_Bergblick-367x275.jpg 367w\" sizes=\"auto, (max-width: 1024px) 100vw, 1024px\" \/><\/figure><\/a><a class=\"grid-col-1-4 grid-col-md-1-2 grid-height-1-2\" href=\"https:\/\/boutiquehotel-angerer.de\/wp-content\/uploads\/2023\/03\/Osterfelderkopf_Alpspitze.jpg\"><figure><img loading=\"lazy\" decoding=\"async\" width=\"463\" height=\"348\" src=\"https:\/\/boutiquehotel-angerer.de\/wp-content\/uploads\/2023\/03\/Osterfelderkopf_Alpspitze-463x348.jpg\" class=\"attachment-blog-medium size-blog-medium\" alt=\"\" srcset=\"https:\/\/boutiquehotel-angerer.de\/wp-content\/uploads\/2023\/03\/Osterfelderkopf_Alpspitze-463x348.jpg 463w, https:\/\/boutiquehotel-angerer.de\/wp-content\/uploads\/2023\/03\/Osterfelderkopf_Alpspitze-400x300.jpg 400w, https:\/\/boutiquehotel-angerer.de\/wp-content\/uploads\/2023\/03\/Osterfelderkopf_Alpspitze-367x275.jpg 367w\" sizes=\"auto, (max-width: 463px) 100vw, 463px\" \/><\/figure><\/a><a class=\"grid-col-1-2 grid-col-md-1-2 grid-height-1-2\" href=\"https:\/\/boutiquehotel-angerer.de\/wp-content\/uploads\/2023\/03\/Osterfelderkopf_Wolken_uber_Bergen.jpg\"><figure><img loading=\"lazy\" decoding=\"async\" width=\"1024\" height=\"768\" src=\"https:\/\/boutiquehotel-angerer.de\/wp-content\/uploads\/2023\/03\/Osterfelderkopf_Wolken_uber_Bergen-1024x768.jpg\" class=\"attachment-large size-large\" alt=\"\" srcset=\"https:\/\/boutiquehotel-angerer.de\/wp-content\/uploads\/2023\/03\/Osterfelderkopf_Wolken_uber_Bergen-1024x768.jpg 1024w, https:\/\/boutiquehotel-angerer.de\/wp-content\/uploads\/2023\/03\/Osterfelderkopf_Wolken_uber_Bergen-768x576.jpg 768w, https:\/\/boutiquehotel-angerer.de\/wp-content\/uploads\/2023\/03\/Osterfelderkopf_Wolken_uber_Bergen-463x348.jpg 463w, https:\/\/boutiquehotel-angerer.de\/wp-content\/uploads\/2023\/03\/Osterfelderkopf_Wolken_uber_Bergen-640x480.jpg 640w, https:\/\/boutiquehotel-angerer.de\/wp-content\/uploads\/2023\/03\/Osterfelderkopf_Wolken_uber_Bergen-400x300.jpg 400w, https:\/\/boutiquehotel-angerer.de\/wp-content\/uploads\/2023\/03\/Osterfelderkopf_Wolken_uber_Bergen-367x275.jpg 367w\" sizes=\"auto, (max-width: 1024px) 100vw, 1024px\" \/><\/figure><\/a><a class=\"grid-col-1-2 grid-col-md-1-2 grid-height-1\" href=\"https:\/\/boutiquehotel-angerer.de\/wp-content\/uploads\/2023\/03\/Riegsee.jpg\"><figure><img loading=\"lazy\" decoding=\"async\" width=\"1024\" height=\"768\" src=\"https:\/\/boutiquehotel-angerer.de\/wp-content\/uploads\/2023\/03\/Riegsee-1024x768.jpg\" class=\"attachment-large size-large\" alt=\"\" srcset=\"https:\/\/boutiquehotel-angerer.de\/wp-content\/uploads\/2023\/03\/Riegsee-1024x768.jpg 1024w, https:\/\/boutiquehotel-angerer.de\/wp-content\/uploads\/2023\/03\/Riegsee-768x576.jpg 768w, https:\/\/boutiquehotel-angerer.de\/wp-content\/uploads\/2023\/03\/Riegsee-463x348.jpg 463w, https:\/\/boutiquehotel-angerer.de\/wp-content\/uploads\/2023\/03\/Riegsee-640x480.jpg 640w, https:\/\/boutiquehotel-angerer.de\/wp-content\/uploads\/2023\/03\/Riegsee-400x300.jpg 400w, https:\/\/boutiquehotel-angerer.de\/wp-content\/uploads\/2023\/03\/Riegsee-367x275.jpg 367w\" sizes=\"auto, (max-width: 1024px) 100vw, 1024px\" \/><\/figure><\/a><a class=\"grid-col-1-2 grid-col-md-1-2 grid-height-1-2\" href=\"https:\/\/boutiquehotel-angerer.de\/wp-content\/uploads\/2023\/03\/Riegsee_Froschhausen.jpg\"><figure><img loading=\"lazy\" decoding=\"async\" width=\"1024\" height=\"682\" src=\"https:\/\/boutiquehotel-angerer.de\/wp-content\/uploads\/2023\/03\/Riegsee_Froschhausen-1024x682.jpg\" class=\"attachment-large size-large\" alt=\"\" srcset=\"https:\/\/boutiquehotel-angerer.de\/wp-content\/uploads\/2023\/03\/Riegsee_Froschhausen-1024x682.jpg 1024w, https:\/\/boutiquehotel-angerer.de\/wp-content\/uploads\/2023\/03\/Riegsee_Froschhausen-768x512.jpg 768w, https:\/\/boutiquehotel-angerer.de\/wp-content\/uploads\/2023\/03\/Riegsee_Froschhausen-640x427.jpg 640w, https:\/\/boutiquehotel-angerer.de\/wp-content\/uploads\/2023\/03\/Riegsee_Froschhausen-400x267.jpg 400w, https:\/\/boutiquehotel-angerer.de\/wp-content\/uploads\/2023\/03\/Riegsee_Froschhausen-367x245.jpg 367w\" sizes=\"auto, (max-width: 1024px) 100vw, 1024px\" \/><\/figure><\/a><a href=\"https:\/\/boutiquehotel-angerer.de\/wp-content\/uploads\/2023\/03\/Sonnenuntergang_2_Balkon_Zimmer_26.jpg\"><figure><img loading=\"lazy\" decoding=\"async\" width=\"1024\" height=\"768\" src=\"https:\/\/boutiquehotel-angerer.de\/wp-content\/uploads\/2023\/03\/Sonnenuntergang_2_Balkon_Zimmer_26-1024x768.jpg\" class=\"attachment-large size-large\" alt=\"\" srcset=\"https:\/\/boutiquehotel-angerer.de\/wp-content\/uploads\/2023\/03\/Sonnenuntergang_2_Balkon_Zimmer_26-1024x768.jpg 1024w, https:\/\/boutiquehotel-angerer.de\/wp-content\/uploads\/2023\/03\/Sonnenuntergang_2_Balkon_Zimmer_26-768x576.jpg 768w, https:\/\/boutiquehotel-angerer.de\/wp-content\/uploads\/2023\/03\/Sonnenuntergang_2_Balkon_Zimmer_26-463x348.jpg 463w, https:\/\/boutiquehotel-angerer.de\/wp-content\/uploads\/2023\/03\/Sonnenuntergang_2_Balkon_Zimmer_26-640x480.jpg 640w, https:\/\/boutiquehotel-angerer.de\/wp-content\/uploads\/2023\/03\/Sonnenuntergang_2_Balkon_Zimmer_26-400x300.jpg 400w, https:\/\/boutiquehotel-angerer.de\/wp-content\/uploads\/2023\/03\/Sonnenuntergang_2_Balkon_Zimmer_26-367x275.jpg 367w\" sizes=\"auto, (max-width: 1024px) 100vw, 1024px\" \/><\/figure><\/a><a href=\"https:\/\/boutiquehotel-angerer.de\/wp-content\/uploads\/2023\/03\/Sonnenuntergang_3_Balkon_Zimmer_26.jpg\"><figure><img loading=\"lazy\" decoding=\"async\" width=\"1024\" height=\"768\" src=\"https:\/\/boutiquehotel-angerer.de\/wp-content\/uploads\/2023\/03\/Sonnenuntergang_3_Balkon_Zimmer_26-1024x768.jpg\" class=\"attachment-large size-large\" alt=\"\" srcset=\"https:\/\/boutiquehotel-angerer.de\/wp-content\/uploads\/2023\/03\/Sonnenuntergang_3_Balkon_Zimmer_26-1024x768.jpg 1024w, https:\/\/boutiquehotel-angerer.de\/wp-content\/uploads\/2023\/03\/Sonnenuntergang_3_Balkon_Zimmer_26-768x576.jpg 768w, https:\/\/boutiquehotel-angerer.de\/wp-content\/uploads\/2023\/03\/Sonnenuntergang_3_Balkon_Zimmer_26-463x348.jpg 463w, https:\/\/boutiquehotel-angerer.de\/wp-content\/uploads\/2023\/03\/Sonnenuntergang_3_Balkon_Zimmer_26-640x480.jpg 640w, https:\/\/boutiquehotel-angerer.de\/wp-content\/uploads\/2023\/03\/Sonnenuntergang_3_Balkon_Zimmer_26-400x300.jpg 400w, https:\/\/boutiquehotel-angerer.de\/wp-content\/uploads\/2023\/03\/Sonnenuntergang_3_Balkon_Zimmer_26-367x275.jpg 367w\" sizes=\"auto, (max-width: 1024px) 100vw, 1024px\" \/><\/figure><\/a><a href=\"https:\/\/boutiquehotel-angerer.de\/wp-content\/uploads\/2023\/03\/Staffelsee_am_Abend.jpg\"><figure><img loading=\"lazy\" decoding=\"async\" width=\"1024\" height=\"768\" src=\"https:\/\/boutiquehotel-angerer.de\/wp-content\/uploads\/2023\/03\/Staffelsee_am_Abend-1024x768.jpg\" class=\"attachment-large size-large\" alt=\"\" srcset=\"https:\/\/boutiquehotel-angerer.de\/wp-content\/uploads\/2023\/03\/Staffelsee_am_Abend-1024x768.jpg 1024w, https:\/\/boutiquehotel-angerer.de\/wp-content\/uploads\/2023\/03\/Staffelsee_am_Abend-768x576.jpg 768w, https:\/\/boutiquehotel-angerer.de\/wp-content\/uploads\/2023\/03\/Staffelsee_am_Abend-463x348.jpg 463w, https:\/\/boutiquehotel-angerer.de\/wp-content\/uploads\/2023\/03\/Staffelsee_am_Abend-640x480.jpg 640w, https:\/\/boutiquehotel-angerer.de\/wp-content\/uploads\/2023\/03\/Staffelsee_am_Abend-400x300.jpg 400w, https:\/\/boutiquehotel-angerer.de\/wp-content\/uploads\/2023\/03\/Staffelsee_am_Abend-367x275.jpg 367w\" sizes=\"auto, (max-width: 1024px) 100vw, 1024px\" \/><\/figure><\/a><a href=\"https:\/\/boutiquehotel-angerer.de\/wp-content\/uploads\/2023\/03\/Staffelsee_Bergblick.jpg\"><figure><img loading=\"lazy\" decoding=\"async\" width=\"1024\" height=\"768\" src=\"https:\/\/boutiquehotel-angerer.de\/wp-content\/uploads\/2023\/03\/Staffelsee_Bergblick-1024x768.jpg\" class=\"attachment-large size-large\" alt=\"\" srcset=\"https:\/\/boutiquehotel-angerer.de\/wp-content\/uploads\/2023\/03\/Staffelsee_Bergblick-1024x768.jpg 1024w, https:\/\/boutiquehotel-angerer.de\/wp-content\/uploads\/2023\/03\/Staffelsee_Bergblick-768x576.jpg 768w, https:\/\/boutiquehotel-angerer.de\/wp-content\/uploads\/2023\/03\/Staffelsee_Bergblick-463x348.jpg 463w, https:\/\/boutiquehotel-angerer.de\/wp-content\/uploads\/2023\/03\/Staffelsee_Bergblick-640x480.jpg 640w, https:\/\/boutiquehotel-angerer.de\/wp-content\/uploads\/2023\/03\/Staffelsee_Bergblick-400x300.jpg 400w, https:\/\/boutiquehotel-angerer.de\/wp-content\/uploads\/2023\/03\/Staffelsee_Bergblick-367x275.jpg 367w\" sizes=\"auto, (max-width: 1024px) 100vw, 1024px\" \/><\/figure><\/a><a href=\"https:\/\/boutiquehotel-angerer.de\/wp-content\/uploads\/2023\/03\/Staffelsee_Uffing.jpg\"><figure><img loading=\"lazy\" decoding=\"async\" width=\"1024\" height=\"768\" src=\"https:\/\/boutiquehotel-angerer.de\/wp-content\/uploads\/2023\/03\/Staffelsee_Uffing-1024x768.jpg\" class=\"attachment-large size-large\" alt=\"\" srcset=\"https:\/\/boutiquehotel-angerer.de\/wp-content\/uploads\/2023\/03\/Staffelsee_Uffing-1024x768.jpg 1024w, https:\/\/boutiquehotel-angerer.de\/wp-content\/uploads\/2023\/03\/Staffelsee_Uffing-768x576.jpg 768w, https:\/\/boutiquehotel-angerer.de\/wp-content\/uploads\/2023\/03\/Staffelsee_Uffing-463x348.jpg 463w, https:\/\/boutiquehotel-angerer.de\/wp-content\/uploads\/2023\/03\/Staffelsee_Uffing-640x480.jpg 640w, https:\/\/boutiquehotel-angerer.de\/wp-content\/uploads\/2023\/03\/Staffelsee_Uffing-400x300.jpg 400w, https:\/\/boutiquehotel-angerer.de\/wp-content\/uploads\/2023\/03\/Staffelsee_Uffing-367x275.jpg 367w\" sizes=\"auto, (max-width: 1024px) 100vw, 1024px\" \/><\/figure><\/a><a href=\"https:\/\/boutiquehotel-angerer.de\/wp-content\/uploads\/2023\/03\/Abendstimmung_2_Balkon_Zimmer_26.jpg\"><figure><img loading=\"lazy\" decoding=\"async\" width=\"1024\" height=\"768\" src=\"https:\/\/boutiquehotel-angerer.de\/wp-content\/uploads\/2023\/03\/Abendstimmung_2_Balkon_Zimmer_26-1024x768.jpg\" class=\"attachment-large size-large\" alt=\"\" srcset=\"https:\/\/boutiquehotel-angerer.de\/wp-content\/uploads\/2023\/03\/Abendstimmung_2_Balkon_Zimmer_26-1024x768.jpg 1024w, https:\/\/boutiquehotel-angerer.de\/wp-content\/uploads\/2023\/03\/Abendstimmung_2_Balkon_Zimmer_26-768x576.jpg 768w, https:\/\/boutiquehotel-angerer.de\/wp-content\/uploads\/2023\/03\/Abendstimmung_2_Balkon_Zimmer_26-463x348.jpg 463w, https:\/\/boutiquehotel-angerer.de\/wp-content\/uploads\/2023\/03\/Abendstimmung_2_Balkon_Zimmer_26-640x480.jpg 640w, https:\/\/boutiquehotel-angerer.de\/wp-content\/uploads\/2023\/03\/Abendstimmung_2_Balkon_Zimmer_26-400x300.jpg 400w, https:\/\/boutiquehotel-angerer.de\/wp-content\/uploads\/2023\/03\/Abendstimmung_2_Balkon_Zimmer_26-367x275.jpg 367w\" sizes=\"auto, (max-width: 1024px) 100vw, 1024px\" \/><\/figure><\/a><a href=\"https:\/\/boutiquehotel-angerer.de\/wp-content\/uploads\/2023\/03\/Auf_dem_Zugspitzplatt.jpg\"><figure><img loading=\"lazy\" decoding=\"async\" width=\"1024\" height=\"768\" src=\"https:\/\/boutiquehotel-angerer.de\/wp-content\/uploads\/2023\/03\/Auf_dem_Zugspitzplatt-1024x768.jpg\" class=\"attachment-large size-large\" alt=\"\" srcset=\"https:\/\/boutiquehotel-angerer.de\/wp-content\/uploads\/2023\/03\/Auf_dem_Zugspitzplatt-1024x768.jpg 1024w, https:\/\/boutiquehotel-angerer.de\/wp-content\/uploads\/2023\/03\/Auf_dem_Zugspitzplatt-768x576.jpg 768w, https:\/\/boutiquehotel-angerer.de\/wp-content\/uploads\/2023\/03\/Auf_dem_Zugspitzplatt-463x348.jpg 463w, https:\/\/boutiquehotel-angerer.de\/wp-content\/uploads\/2023\/03\/Auf_dem_Zugspitzplatt-640x480.jpg 640w, https:\/\/boutiquehotel-angerer.de\/wp-content\/uploads\/2023\/03\/Auf_dem_Zugspitzplatt-400x300.jpg 400w, https:\/\/boutiquehotel-angerer.de\/wp-content\/uploads\/2023\/03\/Auf_dem_Zugspitzplatt-367x275.jpg 367w\" sizes=\"auto, (max-width: 1024px) 100vw, 1024px\" \/><\/figure><\/a><a href=\"https:\/\/boutiquehotel-angerer.de\/wp-content\/uploads\/2023\/03\/Baum_im_Murnauer_Moos.jpg\"><figure><img loading=\"lazy\" decoding=\"async\" width=\"1024\" height=\"768\" src=\"https:\/\/boutiquehotel-angerer.de\/wp-content\/uploads\/2023\/03\/Baum_im_Murnauer_Moos-1024x768.jpg\" class=\"attachment-large size-large\" alt=\"\" srcset=\"https:\/\/boutiquehotel-angerer.de\/wp-content\/uploads\/2023\/03\/Baum_im_Murnauer_Moos-1024x768.jpg 1024w, https:\/\/boutiquehotel-angerer.de\/wp-content\/uploads\/2023\/03\/Baum_im_Murnauer_Moos-768x576.jpg 768w, https:\/\/boutiquehotel-angerer.de\/wp-content\/uploads\/2023\/03\/Baum_im_Murnauer_Moos-463x348.jpg 463w, https:\/\/boutiquehotel-angerer.de\/wp-content\/uploads\/2023\/03\/Baum_im_Murnauer_Moos-640x480.jpg 640w, https:\/\/boutiquehotel-angerer.de\/wp-content\/uploads\/2023\/03\/Baum_im_Murnauer_Moos-400x300.jpg 400w, https:\/\/boutiquehotel-angerer.de\/wp-content\/uploads\/2023\/03\/Baum_im_Murnauer_Moos-367x275.jpg 367w\" sizes=\"auto, (max-width: 1024px) 100vw, 1024px\" \/><\/figure><\/a><a href=\"https:\/\/boutiquehotel-angerer.de\/wp-content\/uploads\/2023\/03\/Bergblick_Balkon_Zimmer_26.jpg\"><figure><img loading=\"lazy\" decoding=\"async\" width=\"1024\" height=\"682\" src=\"https:\/\/boutiquehotel-angerer.de\/wp-content\/uploads\/2023\/03\/Bergblick_Balkon_Zimmer_26-1024x682.jpg\" class=\"attachment-large size-large\" alt=\"\" srcset=\"https:\/\/boutiquehotel-angerer.de\/wp-content\/uploads\/2023\/03\/Bergblick_Balkon_Zimmer_26-1024x682.jpg 1024w, https:\/\/boutiquehotel-angerer.de\/wp-content\/uploads\/2023\/03\/Bergblick_Balkon_Zimmer_26-768x512.jpg 768w, https:\/\/boutiquehotel-angerer.de\/wp-content\/uploads\/2023\/03\/Bergblick_Balkon_Zimmer_26-640x427.jpg 640w, https:\/\/boutiquehotel-angerer.de\/wp-content\/uploads\/2023\/03\/Bergblick_Balkon_Zimmer_26-400x267.jpg 400w, https:\/\/boutiquehotel-angerer.de\/wp-content\/uploads\/2023\/03\/Bergblick_Balkon_Zimmer_26-367x245.jpg 367w\" sizes=\"auto, (max-width: 1024px) 100vw, 1024px\" \/><\/figure><\/a><figure class=\"grid-col-sizer\"><\/figure><\/div><\/div><\/div><\/div><\/div><\/div>","protected":false},"excerpt":{"rendered":"Aktivit\u00e4ten\/Umgebung Murnau als perfekter Ausgangspunkt. Wir liegen 60 Kilometer s\u00fcdlich der Landeshauptstadt M\u00fcnchen. Murnau a. Staffelsee ist Zentrum des Blauen Landes. Ob K\u00f6nigsschl\u00f6sser wie das Schloss Linderhof (ca. 30 km) oder Neuschwanstein in F\u00fcssen (ca. 50 km), die Partnachklamm in Garmisch-Partenkirchen (ca. 25 km) oder Zugspitze samt Eibsee - all diese Sehensw\u00fcrdigkeiten sind in k\u00fcrzester [...]","protected":false},"author":1,"featured_media":0,"parent":0,"menu_order":0,"comment_status":"closed","ping_status":"closed","template":"","meta":{"footnotes":""},"class_list":["post-2571","page","type-page","status-publish","hentry"],"_links":{"self":[{"href":"https:\/\/boutiquehotel-angerer.de\/en\/wp-json\/wp\/v2\/pages\/2571","targetHints":{"allow":["GET"]}}],"collection":[{"href":"https:\/\/boutiquehotel-angerer.de\/en\/wp-json\/wp\/v2\/pages"}],"about":[{"href":"https:\/\/boutiquehotel-angerer.de\/en\/wp-json\/wp\/v2\/types\/page"}],"author":[{"embeddable":true,"href":"https:\/\/boutiquehotel-angerer.de\/en\/wp-json\/wp\/v2\/users\/1"}],"replies":[{"embeddable":true,"href":"https:\/\/boutiquehotel-angerer.de\/en\/wp-json\/wp\/v2\/comments?post=2571"}],"version-history":[{"count":20,"href":"https:\/\/boutiquehotel-angerer.de\/en\/wp-json\/wp\/v2\/pages\/2571\/revisions"}],"predecessor-version":[{"id":2610,"href":"https:\/\/boutiquehotel-angerer.de\/en\/wp-json\/wp\/v2\/pages\/2571\/revisions\/2610"}],"wp:attachment":[{"href":"https:\/\/boutiquehotel-angerer.de\/en\/wp-json\/wp\/v2\/media?parent=2571"}],"curies":[{"name":"wp","href":"https:\/\/api.w.org\/{rel}","templated":true}]}}